{"id":3470,"date":"2021-12-26T06:36:51","date_gmt":"2021-12-26T06:36:51","guid":{"rendered":"https:\/\/abogadoslaboralistas.com.co\/?page_id=3470"},"modified":"2022-01-30T21:55:33","modified_gmt":"2022-01-30T21:55:33","slug":"sanabria-fonseca","status":"publish","type":"page","link":"https:\/\/abogadoslaboralistas.com.co\/index.php\/sanabria-fonseca\/","title":{"rendered":"Sanabria &#038; Fonseca"},"content":{"rendered":"<p>[et_pb_section fb_built=\u00bb1&#8243; fullwidth=\u00bbon\u00bb admin_label=\u00bbHero Section\u00bb _builder_version=\u00bb4.10.1&#8243; background_image=\u00bbhttps:\/\/abogadoslaboralistas.com.co\/wp-content\/uploads\/2021\/12\/3-scaled.jpg\u00bb parallax=\u00bbon\u00bb animation_style=\u00bbfade\u00bb animation_starting_opacity=\u00bb87%\u00bb global_colors_info=\u00bb{}\u00bb][et_pb_fullwidth_header title=\u00bbServicios Sanabria &#038; Fonseca\u00bb subhead=\u00bbAsesor\u00eda y representaci\u00f3n empresarial en el \u00e1mbito del derecho laboral y otras \u00e1reas del derecho.\u00bb text_orientation=\u00bbcenter\u00bb header_fullscreen=\u00bbon\u00bb button_one_url=\u00bb#Quienes Somos\u00bb background_overlay_color=\u00bbrgba(49,62,71,0.8)\u00bb title_font_color=\u00bb#ffffff\u00bb subhead_font_color=\u00bb#ffffff\u00bb admin_label=\u00bbHero Area\u00bb _builder_version=\u00bb4.10.1&#8243; title_font=\u00bbColabBold|600|||||||\u00bb title_text_color=\u00bb#ffffff\u00bb title_font_size=\u00bb60px\u00bb title_line_height=\u00bb1.6em\u00bb content_font=\u00bb||||||||\u00bb subhead_font=\u00bbColabLig||||||||\u00bb subhead_text_color=\u00bb#ffffff\u00bb subhead_letter_spacing=\u00bb3px\u00bb subhead_line_height=\u00bb3em\u00bb background_color=\u00bbrgba(255, 255, 255, 0)\u00bb background_position=\u00bbtop_left\u00bb background_repeat=\u00bbrepeat\u00bb custom_button_one=\u00bbon\u00bb button_one_text_size=\u00bb13px\u00bb button_one_text_color=\u00bbrgba(0,0,0,0.8)\u00bb button_one_bg_color=\u00bb#ffba60&#8243; button_one_border_width=\u00bb12px\u00bb button_one_border_color=\u00bb#ffba60&#8243; button_one_border_radius=\u00bb0px\u00bb button_one_letter_spacing=\u00bb4px\u00bb button_one_font=\u00bb|700||on|||||\u00bb button_one_icon=\u00bb%%3%%\u00bb background_layout=\u00bblight\u00bb custom_padding=\u00bb90px||40px|||\u00bb title_font_size_tablet=\u00bb40px\u00bb title_font_size_phone=\u00bb\u00bb title_font_size_last_edited=\u00bbon|tablet\u00bb border_color_all=\u00bbrgba(31,40,48,0.94)\u00bb button_one_border_radius_hover=\u00bb0px\u00bb button_one_letter_spacing_hover=\u00bb4px\u00bb global_colors_info=\u00bb{}\u00bb button_one_text_size__hover_enabled=\u00bboff\u00bb button_two_text_size__hover_enabled=\u00bboff\u00bb button_one_text_color__hover_enabled=\u00bboff\u00bb button_two_text_color__hover_enabled=\u00bboff\u00bb button_one_border_width__hover_enabled=\u00bboff\u00bb button_two_border_width__hover_enabled=\u00bboff\u00bb button_one_border_color__hover_enabled=\u00bboff\u00bb button_two_border_color__hover_enabled=\u00bboff\u00bb button_one_border_radius__hover_enabled=\u00bbon\u00bb button_one_border_radius__hover=\u00bb0px\u00bb button_two_border_radius__hover_enabled=\u00bboff\u00bb button_one_letter_spacing__hover_enabled=\u00bbon\u00bb button_one_letter_spacing__hover=\u00bb4px\u00bb button_two_letter_spacing__hover_enabled=\u00bboff\u00bb button_one_bg_color__hover_enabled=\u00bboff\u00bb button_two_bg_color__hover_enabled=\u00bboff\u00bb][\/et_pb_fullwidth_header][\/et_pb_section][et_pb_section fb_built=\u00bb1&#8243; admin_label=\u00bbProject Section 01&#8243; _builder_version=\u00bb4.10.1&#8243; custom_padding=\u00bb||0px|||\u00bb border_color_all=\u00bb#3b4147&#8243; border_width_left=\u00bb8vw\u00bb border_color_left=\u00bb#bc9b69&#8243; global_colors_info=\u00bb{}\u00bb][et_pb_row column_structure=\u00bb1_2,1_2&#8243; admin_label=\u00bbProject Area 01&#8243; module_class=\u00bb et_pb_row_fullwidth\u00bb _builder_version=\u00bb4.10.1&#8243; width=\u00bb89%\u00bb width_tablet=\u00bb80%\u00bb width_phone=\u00bb\u00bb width_last_edited=\u00bbon|desktop\u00bb max_width=\u00bb89%\u00bb max_width_tablet=\u00bb80%\u00bb max_width_phone=\u00bb\u00bb max_width_last_edited=\u00bbon|desktop\u00bb make_fullwidth=\u00bbon\u00bb global_colors_info=\u00bb{}\u00bb][et_pb_column type=\u00bb1_2&#8243; _builder_version=\u00bb3.25&#8243; custom_padding=\u00bb|||\u00bb global_colors_info=\u00bb{}\u00bb custom_padding__hover=\u00bb|||\u00bb][et_pb_text admin_label=\u00bbTitle\u00bb _builder_version=\u00bb4.10.1&#8243; text_font=\u00bb||||||||\u00bb header_font=\u00bbColabBold|600|||||||\u00bb header_2_font=\u00bbColabBold|600|||||||\u00bb header_2_line_height=\u00bb1.6em\u00bb custom_margin=\u00bb||10px|\u00bb animation_style=\u00bbslide\u00bb animation_direction=\u00bbtop\u00bb animation_intensity_slide=\u00bb5%\u00bb animation_starting_opacity=\u00bb100%\u00bb global_colors_info=\u00bb{}\u00bb]<\/p>\n<h2><strong>REPRESENTACI\u00d3N JUDICIAL<\/strong><\/h2>\n<p>[\/et_pb_text][et_pb_divider color=\u00bb#bc9b69&#8243; divider_position=\u00bbcenter\u00bb divider_weight=\u00bb3px\u00bb _builder_version=\u00bb4.10.1&#8243; max_width=\u00bb70px\u00bb animation_style=\u00bbslide\u00bb animation_direction=\u00bbtop\u00bb animation_intensity_slide=\u00bb10%\u00bb animation_starting_opacity=\u00bb100%\u00bb locked=\u00bboff\u00bb global_colors_info=\u00bb{}\u00bb][\/et_pb_divider][et_pb_text _builder_version=\u00bb4.10.1&#8243; text_font=\u00bb||||||||\u00bb text_font_size=\u00bb16px\u00bb text_line_height=\u00bb2em\u00bb custom_margin=\u00bb||18px|||\u00bb animation_style=\u00bbfade\u00bb global_colors_info=\u00bb{}\u00bb]<\/p>\n<p>Representaci\u00f3n en actuaciones desarrolladas ante la justicia laboral, generando estrategias que satisfagan las necesidades e intereses de los empleadores con el total compromiso que representa cada uno de los procesos.<\/p>\n<p>[\/et_pb_text][et_pb_text admin_label=\u00bbTitle\u00bb _builder_version=\u00bb4.10.1&#8243; text_font=\u00bb||||||||\u00bb header_font=\u00bb||||||||\u00bb header_2_font=\u00bbColabBold|600|||||||\u00bb header_2_line_height=\u00bb1.6em\u00bb custom_margin=\u00bb||1px|||\u00bb animation_style=\u00bbslide\u00bb animation_direction=\u00bbtop\u00bb animation_intensity_slide=\u00bb5%\u00bb animation_starting_opacity=\u00bb100%\u00bb global_colors_info=\u00bb{}\u00bb]<\/p>\n<h2><strong>ASESORIA LABORAL EMPRESARIAL<\/strong><\/h2>\n<p>[\/et_pb_text][et_pb_divider color=\u00bb#bc9b69&#8243; divider_position=\u00bbcenter\u00bb divider_weight=\u00bb3px\u00bb _builder_version=\u00bb4.10.1&#8243; max_width=\u00bb70px\u00bb animation_style=\u00bbslide\u00bb animation_direction=\u00bbtop\u00bb animation_intensity_slide=\u00bb10%\u00bb animation_starting_opacity=\u00bb100%\u00bb locked=\u00bboff\u00bb global_colors_info=\u00bb{}\u00bb][\/et_pb_divider][et_pb_text _builder_version=\u00bb4.10.1&#8243; text_font=\u00bb||||||||\u00bb text_font_size=\u00bb16px\u00bb text_line_height=\u00bb2em\u00bb custom_margin=\u00bb-14px|||||\u00bb animation_style=\u00bbfade\u00bb global_colors_info=\u00bb{}\u00bb]<\/p>\n<p>Te brindamos la orientaci\u00f3n en temas como el Derecho laboral individual, Seguridad Social y otras ramas del derecho que se presenten en su organizaci\u00f3n.<\/p>\n<p>[\/et_pb_text][et_pb_text admin_label=\u00bbTitle\u00bb _builder_version=\u00bb4.10.1&#8243; text_font=\u00bb||||||||\u00bb header_font=\u00bb||||||||\u00bb header_2_font=\u00bbColabBold|600|||||||\u00bb header_2_line_height=\u00bb1.6em\u00bb custom_margin=\u00bb||1px|||\u00bb animation_style=\u00bbslide\u00bb animation_direction=\u00bbtop\u00bb animation_intensity_slide=\u00bb5%\u00bb animation_starting_opacity=\u00bb100%\u00bb global_colors_info=\u00bb{}\u00bb]<\/p>\n<h2><strong>CONSULTORIA<\/strong><\/h2>\n<p>[\/et_pb_text][et_pb_divider color=\u00bb#bc9b69&#8243; divider_position=\u00bbcenter\u00bb divider_weight=\u00bb3px\u00bb _builder_version=\u00bb4.10.1&#8243; max_width=\u00bb70px\u00bb animation_style=\u00bbslide\u00bb animation_direction=\u00bbtop\u00bb animation_intensity_slide=\u00bb10%\u00bb animation_starting_opacity=\u00bb100%\u00bb locked=\u00bboff\u00bb global_colors_info=\u00bb{}\u00bb][\/et_pb_divider][et_pb_text _builder_version=\u00bb4.10.1&#8243; text_font=\u00bb||||||||\u00bb text_font_size=\u00bb16px\u00bb text_line_height=\u00bb2em\u00bb custom_margin=\u00bb-14px|||||\u00bb animation_style=\u00bbfade\u00bb global_colors_info=\u00bb{}\u00bb]<\/p>\n<p>Para cada una de tus inquietudes tenemos una soluci\u00f3n, brind\u00e1ndote asesor\u00eda personaliza que garantizan eficacia y respaldo en cada uno de nuestros clientes.<\/p>\n<p>[\/et_pb_text][et_pb_text admin_label=\u00bbTitle\u00bb _builder_version=\u00bb4.10.1&#8243; text_font=\u00bb||||||||\u00bb header_font=\u00bb||||||||\u00bb header_2_font=\u00bbColabBold|600|||||||\u00bb header_2_line_height=\u00bb1.6em\u00bb custom_margin=\u00bb||1px|||\u00bb animation_style=\u00bbslide\u00bb animation_direction=\u00bbtop\u00bb animation_intensity_slide=\u00bb5%\u00bb animation_starting_opacity=\u00bb100%\u00bb global_colors_info=\u00bb{}\u00bb]<\/p>\n<h2><\/h2>\n<h2><strong>REPRESENTACION ANTE EL MINISTERIO DEL TRABAJO<\/strong><\/h2>\n<p>[\/et_pb_text][et_pb_text _builder_version=\u00bb4.10.1&#8243; text_font=\u00bb||||||||\u00bb text_font_size=\u00bb16px\u00bb text_line_height=\u00bb2em\u00bb custom_margin=\u00bb-14px|||||\u00bb animation_style=\u00bbfade\u00bb global_colors_info=\u00bb{}\u00bb]<\/p>\n<p>Representaci\u00f3n en actuaciones desarrolladas ante el Ministerio del Trabajo que satisfagan las necesidades del empleador y su organizaci\u00f3n.<\/p>\n<p>[\/et_pb_text][et_pb_divider color=\u00bb#bc9b69&#8243; divider_position=\u00bbcenter\u00bb divider_weight=\u00bb3px\u00bb _builder_version=\u00bb4.10.1&#8243; max_width=\u00bb70px\u00bb animation_style=\u00bbslide\u00bb animation_direction=\u00bbtop\u00bb animation_intensity_slide=\u00bb10%\u00bb animation_starting_opacity=\u00bb100%\u00bb locked=\u00bboff\u00bb global_colors_info=\u00bb{}\u00bb][\/et_pb_divider][et_pb_text admin_label=\u00bbTitle\u00bb _builder_version=\u00bb4.10.1&#8243; text_font=\u00bb||||||||\u00bb header_font=\u00bb||||||||\u00bb header_2_font=\u00bbColabBold|600|||||||\u00bb header_2_line_height=\u00bb1.6em\u00bb custom_margin=\u00bb||1px|||\u00bb animation_style=\u00bbslide\u00bb animation_direction=\u00bbtop\u00bb animation_intensity_slide=\u00bb5%\u00bb animation_starting_opacity=\u00bb100%\u00bb global_colors_info=\u00bb{}\u00bb]<\/p>\n<h2><strong>CAPACITACIONES<\/strong><\/h2>\n<p>[\/et_pb_text][et_pb_text _builder_version=\u00bb4.10.1&#8243; text_font=\u00bb||||||||\u00bb text_font_size=\u00bb16px\u00bb text_line_height=\u00bb2em\u00bb custom_margin=\u00bb||-7px|||\u00bb animation_style=\u00bbfade\u00bb locked=\u00bboff\u00bb global_colors_info=\u00bb{}\u00bb]<\/p>\n<p>Te brindamos la posibilidad de capacitar a tu personal en temas de Derecho Laboral, Seguridad Social y Seguridad y Salud en el Trabajo. Adem\u00e1s de otras materias afines.<\/p>\n<p>.<\/p>\n<p>[\/et_pb_text][\/et_pb_column][et_pb_column type=\u00bb1_2&#8243; _builder_version=\u00bb3.25&#8243; custom_padding=\u00bb|||\u00bb global_colors_info=\u00bb{}\u00bb custom_padding__hover=\u00bb|||\u00bb][et_pb_image src=\u00bbhttps:\/\/abogadoslaboralistas.com.co\/wp-content\/uploads\/2021\/12\/law-firm-02.jpg\u00bb title_text=\u00bblaw-firm-02&#8243; align=\u00bbcenter\u00bb _builder_version=\u00bb4.10.1&#8243; _module_preset=\u00bbdefault\u00bb width=\u00bb76%\u00bb border_radii=\u00bbon|30px|30px|30px|30px\u00bb global_colors_info=\u00bb{}\u00bb][\/et_pb_image][et_pb_text admin_label=\u00bbTitle\u00bb _builder_version=\u00bb4.10.1&#8243; text_font=\u00bb||||||||\u00bb header_font=\u00bb||||||||\u00bb header_2_font=\u00bbColabBold|600|||||||\u00bb header_2_line_height=\u00bb1.6em\u00bb custom_margin=\u00bb||1px|||\u00bb animation_style=\u00bbslide\u00bb animation_direction=\u00bbtop\u00bb animation_intensity_slide=\u00bb5%\u00bb animation_starting_opacity=\u00bb100%\u00bb global_colors_info=\u00bb{}\u00bb]<\/p>\n<h2><strong>NEGOCIACIONES<\/strong><\/h2>\n<p>[\/et_pb_text][et_pb_divider color=\u00bb#bc9b69&#8243; divider_position=\u00bbcenter\u00bb divider_weight=\u00bb3px\u00bb _builder_version=\u00bb4.10.1&#8243; max_width=\u00bb70px\u00bb animation_style=\u00bbslide\u00bb animation_direction=\u00bbtop\u00bb animation_intensity_slide=\u00bb10%\u00bb animation_starting_opacity=\u00bb100%\u00bb locked=\u00bboff\u00bb global_colors_info=\u00bb{}\u00bb][\/et_pb_divider][et_pb_text _builder_version=\u00bb4.10.1&#8243; text_font=\u00bb||||||||\u00bb text_font_size=\u00bb16px\u00bb text_line_height=\u00bb2em\u00bb custom_margin=\u00bb||-7px|||\u00bb animation_style=\u00bbfade\u00bb locked=\u00bboff\u00bb global_colors_info=\u00bb{}\u00bb]<\/p>\n<p>Te acompa\u00f1amos y te asesoramos en el todo el proceso de negociaci\u00f3n ya sea colectiva o individual, con tus empleados, proveedores o terceros.<\/p>\n<p>[\/et_pb_text][et_pb_text admin_label=\u00bbTitle\u00bb _builder_version=\u00bb4.10.1&#8243; text_font=\u00bb||||||||\u00bb header_font=\u00bb||||||||\u00bb header_2_font=\u00bbColabBold|600|||||||\u00bb header_2_line_height=\u00bb1.6em\u00bb custom_margin=\u00bb||1px|||\u00bb animation_style=\u00bbslide\u00bb animation_direction=\u00bbtop\u00bb animation_intensity_slide=\u00bb5%\u00bb animation_starting_opacity=\u00bb100%\u00bb global_colors_info=\u00bb{}\u00bb]<\/p>\n<h2><strong>EL DIRECCIONAMIENTO A TU EMPRESA<\/strong><\/h2>\n<p>[\/et_pb_text][et_pb_divider color=\u00bb#bc9b69&#8243; divider_position=\u00bbcenter\u00bb divider_weight=\u00bb3px\u00bb _builder_version=\u00bb4.10.1&#8243; max_width=\u00bb70px\u00bb animation_style=\u00bbslide\u00bb animation_direction=\u00bbtop\u00bb animation_intensity_slide=\u00bb10%\u00bb animation_starting_opacity=\u00bb100%\u00bb locked=\u00bboff\u00bb global_colors_info=\u00bb{}\u00bb][\/et_pb_divider][et_pb_text _builder_version=\u00bb4.10.1&#8243; text_font=\u00bb||||||||\u00bb text_font_size=\u00bb16px\u00bb text_line_height=\u00bb2em\u00bb custom_margin=\u00bb-8px||-7px|||\u00bb animation_style=\u00bbfade\u00bb locked=\u00bboff\u00bb global_colors_info=\u00bb{}\u00bb]<\/p>\n<p>Junto el \u00e1rea de recursos humanos, establecemos un plan estrat\u00e9gico encargado en cumplir adecuadamente cada funci\u00f3n que desempe\u00f1an los colaboradores.<\/p>\n<p>[\/et_pb_text][et_pb_text admin_label=\u00bbTitle\u00bb _builder_version=\u00bb4.10.1&#8243; text_font=\u00bb||||||||\u00bb header_font=\u00bb||||||||\u00bb header_2_font=\u00bbColabBold|600|||||||\u00bb header_2_line_height=\u00bb1.6em\u00bb custom_margin=\u00bb||1px|||\u00bb custom_padding=\u00bb25px|||||\u00bb animation_style=\u00bbslide\u00bb animation_direction=\u00bbtop\u00bb animation_intensity_slide=\u00bb5%\u00bb animation_starting_opacity=\u00bb100%\u00bb global_colors_info=\u00bb{}\u00bb]<\/p>\n<h2><strong>ALIANZAS ESTRAT\u00c9GICAS QUE BENEFICIAN TU EMPRESA<\/strong><\/h2>\n<h2><\/h2>\n<p>[\/et_pb_text][et_pb_divider color=\u00bb#bc9b69&#8243; divider_position=\u00bbcenter\u00bb divider_weight=\u00bb3px\u00bb _builder_version=\u00bb4.10.1&#8243; max_width=\u00bb70px\u00bb animation_style=\u00bbslide\u00bb animation_direction=\u00bbtop\u00bb animation_intensity_slide=\u00bb10%\u00bb animation_starting_opacity=\u00bb100%\u00bb locked=\u00bboff\u00bb global_colors_info=\u00bb{}\u00bb][\/et_pb_divider][et_pb_text _builder_version=\u00bb4.10.1&#8243; text_font=\u00bb||||||||\u00bb text_font_size=\u00bb16px\u00bb text_line_height=\u00bb2em\u00bb custom_margin=\u00bb-8px||-7px|||\u00bb animation_style=\u00bbfade\u00bb locked=\u00bboff\u00bb global_colors_info=\u00bb{}\u00bb]<\/p>\n<p>Contamos con nuestros propios proveedores de m\u00e1s alto nivel para el control y manejo de aspectos tributarios, contables, seguridad y salud en el trabajo, entre otros.<\/p>\n<p>[\/et_pb_text][\/et_pb_column][\/et_pb_row][\/et_pb_section][et_pb_section fb_built=\u00bb1&#8243; _builder_version=\u00bb4.10.1&#8243; _module_preset=\u00bbdefault\u00bb custom_padding=\u00bb0px|||||\u00bb border_width_right=\u00bb8vw\u00bb border_color_right=\u00bb#dcc4a1&#8243; global_colors_info=\u00bb{}\u00bb][et_pb_row _builder_version=\u00bb4.10.1&#8243; _module_preset=\u00bbdefault\u00bb global_colors_info=\u00bb{}\u00bb][et_pb_column type=\u00bb4_4&#8243; _builder_version=\u00bb4.10.1&#8243; _module_preset=\u00bbdefault\u00bb global_colors_info=\u00bb{}\u00bb][et_pb_divider color=\u00bb#bc9b69&#8243; divider_position=\u00bbcenter\u00bb divider_weight=\u00bb3px\u00bb _builder_version=\u00bb4.10.1&#8243; max_width=\u00bb70px\u00bb module_alignment=\u00bbcenter\u00bb animation_style=\u00bbslide\u00bb animation_direction=\u00bbtop\u00bb animation_intensity_slide=\u00bb10%\u00bb animation_starting_opacity=\u00bb100%\u00bb locked=\u00bboff\u00bb global_colors_info=\u00bb{}\u00bb][\/et_pb_divider][et_pb_text admin_label=\u00bbTitle\u00bb _builder_version=\u00bb4.10.1&#8243; text_font=\u00bb||||||||\u00bb header_font=\u00bb||||||||\u00bb header_2_font=\u00bbColabBold|600|||||||\u00bb header_2_font_size=\u00bb38px\u00bb header_2_line_height=\u00bb1.6em\u00bb custom_margin=\u00bb-9px||10px|||\u00bb custom_padding=\u00bb6px|||||\u00bb animation_style=\u00bbslide\u00bb animation_direction=\u00bbtop\u00bb animation_intensity_slide=\u00bb5%\u00bb animation_starting_opacity=\u00bb100%\u00bb locked=\u00bboff\u00bb global_colors_info=\u00bb{}\u00bb]<\/p>\n<h2 style=\"text-align: center;\"><strong>&#8211; MUCHOS YA CONFIAN EN NOSOTROS &#8211;<\/strong><\/h2>\n<p>[\/et_pb_text][et_pb_divider color=\u00bb#bc9b69&#8243; divider_position=\u00bbcenter\u00bb divider_weight=\u00bb3px\u00bb _builder_version=\u00bb4.10.1&#8243; max_width=\u00bb70px\u00bb module_alignment=\u00bbcenter\u00bb animation_style=\u00bbslide\u00bb animation_direction=\u00bbtop\u00bb animation_intensity_slide=\u00bb10%\u00bb animation_starting_opacity=\u00bb100%\u00bb locked=\u00bboff\u00bb global_colors_info=\u00bb{}\u00bb][\/et_pb_divider][et_pb_code _builder_version=\u00bb4.10.1&#8243; _module_preset=\u00bbdefault\u00bb global_colors_info=\u00bb{}\u00bb]\n\t\t<!-- MasterSlider -->\n\t\t<div id=\"P_MS69f46ee369094\" class=\"master-slider-parent msl ms-parent-id-2\" style=\"max-width:800px;\">\n\n\t\t\t\n\t\t\t<!-- MasterSlider Main -->\n\t\t\t<div id=\"MS69f46ee369094\" class=\"master-slider ms-skin-light-3\" >\n\t\t\t\t \t\t\t\t \n\t\t\t\t<div  class=\"ms-slide\" data-delay=\"1.5\" data-fill-mode=\"center\"  >\n\t\t\t\t\t<img decoding=\"async\" src=\"https:\/\/abogadoslaboralistas.com.co\/wp-content\/plugins\/master-slider\/public\/assets\/css\/blank.gif\" alt=\"\" title=\"\" data-src=\"https:\/\/abogadoslaboralistas.com.co\/wp-content\/uploads\/2022\/01\/Imagen1.png\" \/>\n\n\n\t<div class=\"ms-thumb\" ><div class=\"ms-tab-context\"><div class=&quot;ms-tab-context&quot;><\/div><\/div>\n<\/div>\n\t\t\t\t<\/div>\n\t\t\t\t<div  class=\"ms-slide\" data-delay=\"3\" data-fill-mode=\"center\"  >\n\t\t\t\t\t<img decoding=\"async\" src=\"https:\/\/abogadoslaboralistas.com.co\/wp-content\/plugins\/master-slider\/public\/assets\/css\/blank.gif\" alt=\"\" title=\"\" data-src=\"https:\/\/abogadoslaboralistas.com.co\/wp-content\/uploads\/2022\/01\/Imagen2.jpg\" \/>\n\n\n\t<div class=\"ms-thumb\" ><div class=\"ms-tab-context\"><div class=&quot;ms-tab-context&quot;><\/div><\/div>\n<\/div>\n\t\t\t\t<\/div>\n\t\t\t\t<div  class=\"ms-slide\" data-delay=\"3\" data-fill-mode=\"center\"  >\n\t\t\t\t\t<img decoding=\"async\" src=\"https:\/\/abogadoslaboralistas.com.co\/wp-content\/plugins\/master-slider\/public\/assets\/css\/blank.gif\" alt=\"\" title=\"\" data-src=\"https:\/\/abogadoslaboralistas.com.co\/wp-content\/uploads\/2022\/01\/Imagen3.png\" \/>\n\n\n\t<div class=\"ms-thumb\" ><div class=\"ms-tab-context\"><div class=&quot;ms-tab-context&quot;><\/div><\/div>\n<\/div>\n\t\t\t\t<\/div>\n\t\t\t\t<div  class=\"ms-slide\" data-delay=\"3\" data-fill-mode=\"center\"  >\n\t\t\t\t\t<img decoding=\"async\" src=\"https:\/\/abogadoslaboralistas.com.co\/wp-content\/plugins\/master-slider\/public\/assets\/css\/blank.gif\" alt=\"\" title=\"\" data-src=\"https:\/\/abogadoslaboralistas.com.co\/wp-content\/uploads\/2022\/01\/Imagen5.jpg\" \/>\n\n\n\t<div class=\"ms-thumb\" ><div class=\"ms-tab-context\"><div class=&quot;ms-tab-context&quot;><\/div><\/div>\n<\/div>\n\t\t\t\t<\/div>\n\t\t\t\t<div  class=\"ms-slide\" data-delay=\"3\" data-fill-mode=\"center\"  >\n\t\t\t\t\t<img decoding=\"async\" src=\"https:\/\/abogadoslaboralistas.com.co\/wp-content\/plugins\/master-slider\/public\/assets\/css\/blank.gif\" alt=\"\" title=\"\" data-src=\"https:\/\/abogadoslaboralistas.com.co\/wp-content\/uploads\/2022\/01\/Imagen6.png\" \/>\n\n\n\t<div class=\"ms-thumb\" ><div class=\"ms-tab-context\"><div class=&quot;ms-tab-context&quot;><\/div><\/div>\n<\/div>\n\t\t\t\t<\/div>\n\t\t\t\t<div  class=\"ms-slide\" data-delay=\"3\" data-fill-mode=\"center\"  >\n\t\t\t\t\t<img decoding=\"async\" src=\"https:\/\/abogadoslaboralistas.com.co\/wp-content\/plugins\/master-slider\/public\/assets\/css\/blank.gif\" alt=\"\" title=\"\" data-src=\"https:\/\/abogadoslaboralistas.com.co\/wp-content\/uploads\/2022\/01\/Imagen7.jpg\" \/>\n\n\n\t<div class=\"ms-thumb\" ><div class=\"ms-tab-context\"><div class=&quot;ms-tab-context&quot;><\/div><\/div>\n<\/div>\n\t\t\t\t<\/div>\n\t\t\t\t<div  class=\"ms-slide\" data-delay=\"3\" data-fill-mode=\"center\"  >\n\t\t\t\t\t<img decoding=\"async\" src=\"https:\/\/abogadoslaboralistas.com.co\/wp-content\/plugins\/master-slider\/public\/assets\/css\/blank.gif\" alt=\"\" title=\"\" data-src=\"https:\/\/abogadoslaboralistas.com.co\/wp-content\/uploads\/2022\/01\/Imagen9.jpg\" \/>\n\n\n\t<div class=\"ms-thumb\" ><div class=\"ms-tab-context\"><div class=&quot;ms-tab-context&quot;><\/div><\/div>\n<\/div>\n\t\t\t\t<\/div>\n\n\t\t\t<\/div>\n\t\t\t<!-- END MasterSlider Main -->\n\n\t\t\t \n\t\t<\/div>\n\t\t<!-- END MasterSlider -->\n\n\t\t<script>\n\t\t(function ( $ ) {\n\t\t\t\"use strict\";\n\n\t\t\t$(function () {\n\t\t\t\tvar masterslider_9094 = new MasterSlider();\n\n\t\t\t\t\/\/ slider controls\n\t\t\t\tmasterslider_9094.control('arrows'     ,{ autohide:false, overVideo:true  });\t\t\t\tmasterslider_9094.control('bullets'    ,{ autohide:true, overVideo:true, dir:'h', align:'bottom' , margin:10  });\n\n\t\t\t\tmasterslider_9094.control('circletimer',{ autohide:false, overVideo:true, color:'#434343', radius:10, stroke:3   });\n\t\t\t\tmasterslider_9094.control('timebar'    ,{ autohide:false, overVideo:true, align:'bottom', color:'#FFFFFF'  , width:4 });\n\t\t\t\t\/\/ slider setup\n\t\t\t\tmasterslider_9094.setup(\"MS69f46ee369094\", {\n\t\t\t\t\t\twidth           : 800,\n\t\t\t\t\t\theight          : 480,\n\t\t\t\t\t\tminHeight       : 0,\n\t\t\t\t\t\tspace           : 0,\n\t\t\t\t\t\tstart           : 1,\n\t\t\t\t\t\tgrabCursor      : true,\n\t\t\t\t\t\tswipe           : true,\n\t\t\t\t\t\tmouse           : true,\n\t\t\t\t\t\tlayout          : \"boxed\",\n\t\t\t\t\t\twheel           : false,\n\t\t\t\t\t\tautoplay        : true,\n\t\t\t\t\t\tinstantStartLayers:false,\n\t\t\t\t\t\tloop            : true,\n\t\t\t\t\t\tshuffle         : false,\n\t\t\t\t\t\tpreload         : 0,\n\t\t\t\t\t\theightLimit     : true,\n\t\t\t\t\t\tautoHeight      : false,\n\t\t\t\t\t\tsmoothHeight    : true,\n\t\t\t\t\t\tendPause        : false,\n\t\t\t\t\t\toverPause       : true,\n\t\t\t\t\t\tfillMode        : \"fill\",\n\t\t\t\t\t\tcenterControls  : true,\n\t\t\t\t\t\tstartOnAppear   : false,\n\t\t\t\t\t\tlayersMode      : \"center\",\n\t\t\t\t\t\thideLayers      : false,\n\t\t\t\t\t\tfullscreenMargin: 0,\n\t\t\t\t\t\tspeed           : 20,\n\t\t\t\t\t\tdir             : \"h\",\n\t\t\t\t\t\tparallaxMode    : 'swipe',\n\t\t\t\t\t\tview            : \"basic\"\n\t\t\t\t});\n\n\t\t\t\t\n\t\t\t\twindow.masterslider_instances = window.masterslider_instances || [];\n\t\t\t\twindow.masterslider_instances.push( masterslider_9094 );\n\t\t\t });\n\n\t\t})(jQuery);\n\t\t<\/script>\n\n[\/et_pb_code][\/et_pb_column][\/et_pb_row][\/et_pb_section][et_pb_section fb_built=\u00bb1&#8243; admin_label=\u00bbRequest Appoinment Section\u00bb _builder_version=\u00bb3.22&#8243; background_image=\u00bbhttps:\/\/abogadoslaboralistas.com.co\/wp-content\/uploads\/2021\/12\/law-firm-08.jpg\u00bb parallax=\u00bbon\u00bb custom_padding=\u00bb62px||0px|||\u00bb global_colors_info=\u00bb{}\u00bb][et_pb_row column_structure=\u00bb1_3,2_3&#8243; admin_label=\u00bbRequest Appoinment Area\u00bb module_id=\u00bbContacto\u00bb _builder_version=\u00bb4.10.1&#8243; custom_padding=\u00bb0px|0px|0px|0px\u00bb box_shadow_style=\u00bbpreset2&#8243; box_shadow_horizontal=\u00bb0px\u00bb box_shadow_vertical=\u00bb-15px\u00bb box_shadow_blur=\u00bb60px\u00bb box_shadow_color=\u00bbrgba(29,61,71,0.2)\u00bb global_colors_info=\u00bb{}\u00bb][et_pb_column type=\u00bb1_3&#8243; _builder_version=\u00bb3.25&#8243; custom_padding=\u00bb|||\u00bb global_colors_info=\u00bb{}\u00bb custom_padding__hover=\u00bb|||\u00bb][et_pb_text _builder_version=\u00bb4.10.1&#8243; text_font=\u00bbColabLig||||||||\u00bb text_text_color=\u00bb#FFFFFF\u00bb text_font_size=\u00bb16px\u00bb text_line_height=\u00bb2em\u00bb header_font=\u00bbColabBold|600|||||||\u00bb header_text_color=\u00bb#FFFFFF\u00bb animation_style=\u00bbslide\u00bb animation_direction=\u00bbleft\u00bb animation_starting_opacity=\u00bb100%\u00bb global_colors_info=\u00bb{}\u00bb]<\/p>\n<h1>\u00bfNecesitas asesor\u00eda?<\/h1>\n<p style=\"text-align: justify;\">Si tienes tu dudas o necesitas asesor\u00eda, no dudes en comunicarte con nosotros, d\u00e9janos tu informaci\u00f3n de contacto y nos comunicaremos contigo en la mayor brevedad posible.<\/p>\n<p>[\/et_pb_text][et_pb_blurb title=\u00bbBucaramanga &#8211; Colombia\u00bb use_icon=\u00bbon\u00bb font_icon=\u00bb%%236%%\u00bb icon_color=\u00bb#144969&#8243; icon_placement=\u00bbleft\u00bb _builder_version=\u00bb4.10.1&#8243; _module_preset=\u00bbdefault\u00bb header_text_color=\u00bb#FFFFFF\u00bb header_font_size=\u00bb20px\u00bb header_line_height=\u00bb1.8em\u00bb global_colors_info=\u00bb{}\u00bb][\/et_pb_blurb][et_pb_blurb title=\u00bb320 338 1770&#8243; use_icon=\u00bbon\u00bb font_icon=\u00bb%%104%%\u00bb icon_color=\u00bb#144969&#8243; icon_placement=\u00bbleft\u00bb _builder_version=\u00bb4.10.1&#8243; _module_preset=\u00bbdefault\u00bb header_text_color=\u00bb#FFFFFF\u00bb header_font_size=\u00bb20px\u00bb header_line_height=\u00bb1.8em\u00bb global_colors_info=\u00bb{}\u00bb][\/et_pb_blurb][et_pb_blurb title=\u00bbcrfonseca.m@gmail.com\u00bb use_icon=\u00bbon\u00bb font_icon=\u00bb%%238%%\u00bb icon_color=\u00bb#144969&#8243; icon_placement=\u00bbleft\u00bb _builder_version=\u00bb4.10.1&#8243; _module_preset=\u00bbdefault\u00bb header_text_color=\u00bb#FFFFFF\u00bb header_font_size=\u00bb20px\u00bb header_line_height=\u00bb1.8em\u00bb global_colors_info=\u00bb{}\u00bb][\/et_pb_blurb][\/et_pb_column][et_pb_column type=\u00bb2_3&#8243; _builder_version=\u00bb3.25&#8243; custom_padding=\u00bb|||\u00bb global_colors_info=\u00bb{}\u00bb custom_padding__hover=\u00bb|||\u00bb][et_pb_contact_form captcha=\u00bboff\u00bb email=\u00bbcrfonseca.m@gmail.com\u00bb title=\u00bbCont\u00e1ctanos\u00bb custom_message=\u00bbNombre &#038; Apellidos: %%Name%%||et_pb_line_break_holder||N\u00famero de contacto: %%Numero%%||et_pb_line_break_holder||Correo electr\u00f3nico: %%Email%%||et_pb_line_break_holder||Motivo de Contacto: %%Message%% ||et_pb_line_break_holder||Pol\u00edticas de privacidad: %%Politicas%%\u00bb success_message=\u00bbMuchas gracias por contactarnos, nos comunicaremos lo m\u00e1s pronto posible.\u00bb submit_button_text=\u00bbEnviar\u00bb module_id=\u00bbet_pb_contact_form_0&#8243; _builder_version=\u00bb4.10.1&#8243; form_field_background_color=\u00bbrgba(0,0,0,0)\u00bb title_font=\u00bbColabBold|600|||||||\u00bb title_font_size=\u00bb32px\u00bb title_line_height=\u00bb1.4em\u00bb form_field_font=\u00bb||||||||\u00bb form_field_font_size=\u00bb16px\u00bb background_color=\u00bbrgba(255,255,255,0.95)\u00bb custom_button=\u00bbon\u00bb button_text_size=\u00bb14px\u00bb button_text_color=\u00bbrgba(0,0,0,0.8)\u00bb button_bg_color=\u00bb#bc9b69&#8243; button_border_width=\u00bb12px\u00bb button_border_color=\u00bb#bc9b69&#8243; button_border_radius=\u00bb0px\u00bb button_letter_spacing=\u00bb4px\u00bb button_font=\u00bb|700||on|||||\u00bb button_icon=\u00bb%%3%%\u00bb module_alignment=\u00bbcenter\u00bb custom_margin=\u00bb|||58px||\u00bb custom_padding=\u00bb50px|60px|80px|60px\u00bb animation_style=\u00bbslide\u00bb animation_direction=\u00bbright\u00bb animation_intensity_slide=\u00bb5%\u00bb animation_starting_opacity=\u00bb100%\u00bb hover_enabled=\u00bb0&#8243; border_width_all=\u00bb1px\u00bb border_color_all=\u00bbrgba(0,0,0,0.12)\u00bb border_style_all=\u00bbsolid\u00bb use_border_color=\u00bbon\u00bb border_color=\u00bbrgba(0,0,0,0.12)\u00bb form_background_color=\u00bbrgba(0,0,0,0)\u00bb global_colors_info=\u00bb{}\u00bb sticky_enabled=\u00bb0&#8243;][et_pb_contact_field field_id=\u00bbName\u00bb field_title=\u00bbNombres &#038; Apellidos\u00bb fullwidth_field=\u00bbon\u00bb _builder_version=\u00bb4.10.1&#8243; global_colors_info=\u00bb{}\u00bb button_text_size__hover_enabled=\u00bboff\u00bb button_one_text_size__hover_enabled=\u00bboff\u00bb button_two_text_size__hover_enabled=\u00bboff\u00bb button_text_color__hover_enabled=\u00bboff\u00bb button_one_text_color__hover_enabled=\u00bboff\u00bb button_two_text_color__hover_enabled=\u00bboff\u00bb button_border_width__hover_enabled=\u00bboff\u00bb button_one_border_width__hover_enabled=\u00bboff\u00bb button_two_border_width__hover_enabled=\u00bboff\u00bb button_border_color__hover_enabled=\u00bboff\u00bb button_one_border_color__hover_enabled=\u00bboff\u00bb button_two_border_color__hover_enabled=\u00bboff\u00bb button_border_radius__hover_enabled=\u00bboff\u00bb button_one_border_radius__hover_enabled=\u00bboff\u00bb button_two_border_radius__hover_enabled=\u00bboff\u00bb button_letter_spacing__hover_enabled=\u00bboff\u00bb button_one_letter_spacing__hover_enabled=\u00bboff\u00bb button_two_letter_spacing__hover_enabled=\u00bboff\u00bb button_bg_color__hover_enabled=\u00bboff\u00bb button_one_bg_color__hover_enabled=\u00bboff\u00bb button_two_bg_color__hover_enabled=\u00bboff\u00bb][\/et_pb_contact_field][et_pb_contact_field field_id=\u00bbNumero\u00bb field_title=\u00bbNumero de Contacto\u00bb _builder_version=\u00bb4.10.1&#8243; _module_preset=\u00bbdefault\u00bb global_colors_info=\u00bb{}\u00bb][\/et_pb_contact_field][et_pb_contact_field field_id=\u00bbEmail\u00bb field_title=\u00bbCorreo Electr\u00f3nico\u00bb field_type=\u00bbemail\u00bb _builder_version=\u00bb4.10.1&#8243; global_colors_info=\u00bb{}\u00bb button_text_size__hover_enabled=\u00bboff\u00bb button_one_text_size__hover_enabled=\u00bboff\u00bb button_two_text_size__hover_enabled=\u00bboff\u00bb button_text_color__hover_enabled=\u00bboff\u00bb button_one_text_color__hover_enabled=\u00bboff\u00bb button_two_text_color__hover_enabled=\u00bboff\u00bb button_border_width__hover_enabled=\u00bboff\u00bb button_one_border_width__hover_enabled=\u00bboff\u00bb button_two_border_width__hover_enabled=\u00bboff\u00bb button_border_color__hover_enabled=\u00bboff\u00bb button_one_border_color__hover_enabled=\u00bboff\u00bb button_two_border_color__hover_enabled=\u00bboff\u00bb button_border_radius__hover_enabled=\u00bboff\u00bb button_one_border_radius__hover_enabled=\u00bboff\u00bb button_two_border_radius__hover_enabled=\u00bboff\u00bb button_letter_spacing__hover_enabled=\u00bboff\u00bb button_one_letter_spacing__hover_enabled=\u00bboff\u00bb button_two_letter_spacing__hover_enabled=\u00bboff\u00bb button_bg_color__hover_enabled=\u00bboff\u00bb button_one_bg_color__hover_enabled=\u00bboff\u00bb button_two_bg_color__hover_enabled=\u00bboff\u00bb][\/et_pb_contact_field][et_pb_contact_field field_id=\u00bbMessage\u00bb field_title=\u00bbMotivo de Contacto\u00bb field_type=\u00bbtext\u00bb fullwidth_field=\u00bbon\u00bb _builder_version=\u00bb4.10.1&#8243; global_colors_info=\u00bb{}\u00bb button_text_size__hover_enabled=\u00bboff\u00bb button_one_text_size__hover_enabled=\u00bboff\u00bb button_two_text_size__hover_enabled=\u00bboff\u00bb button_text_color__hover_enabled=\u00bboff\u00bb button_one_text_color__hover_enabled=\u00bboff\u00bb button_two_text_color__hover_enabled=\u00bboff\u00bb button_border_width__hover_enabled=\u00bboff\u00bb button_one_border_width__hover_enabled=\u00bboff\u00bb button_two_border_width__hover_enabled=\u00bboff\u00bb button_border_color__hover_enabled=\u00bboff\u00bb button_one_border_color__hover_enabled=\u00bboff\u00bb button_two_border_color__hover_enabled=\u00bboff\u00bb button_border_radius__hover_enabled=\u00bboff\u00bb button_one_border_radius__hover_enabled=\u00bboff\u00bb button_two_border_radius__hover_enabled=\u00bboff\u00bb button_letter_spacing__hover_enabled=\u00bboff\u00bb button_one_letter_spacing__hover_enabled=\u00bboff\u00bb button_two_letter_spacing__hover_enabled=\u00bboff\u00bb button_bg_color__hover_enabled=\u00bboff\u00bb button_one_bg_color__hover_enabled=\u00bboff\u00bb button_two_bg_color__hover_enabled=\u00bboff\u00bb][\/et_pb_contact_field][et_pb_contact_field field_id=\u00bbPoliticas\u00bb field_title=\u00bbAceptaci\u00f3n de la pol\u00edtica de privacidad de datos.\u00bb field_type=\u00bbcheckbox\u00bb checkbox_options=\u00bb%91{%22value%22:%22Al hacer click en el presente Checkbox autorizo de manera expresa y por escrito, el contenido de la autorizaci\u00f3n de tratamiento de datos, as\u00ed como el contenido de la pol\u00edtica de privacidad de datos de Sanabria &#038; Asociados, cuya evidencia quedar\u00e1 registro con el diligenciamiento del campo CheckBox de aceptaci\u00f3n dispuesto para su autorizaci\u00f3n. Para conocer m\u00e1s sobre nuestro Pol\u00edtica de datos hacer click AQU\u00cd. %22,%22checked%22:0,%22dragID%22:-1,%22link_url%22:%22https:\/\/abogadoslaboralistas.com.co\/index.php\/aviso-de-privacidad\/%22,%22link_text%22:%22Ver Link.%22}%93&#8243; fullwidth_field=\u00bbon\u00bb _builder_version=\u00bb4.10.1&#8243; _module_preset=\u00bbdefault\u00bb form_field_font_size=\u00bb13px\u00bb global_colors_info=\u00bb{}\u00bb][\/et_pb_contact_field][\/et_pb_contact_form][\/et_pb_column][\/et_pb_row][\/et_pb_section]<\/p>\n","protected":false},"excerpt":{"rendered":"<p>REPRESENTACI\u00d3N JUDICIALRepresentaci\u00f3n en actuaciones desarrolladas ante la justicia laboral, generando estrategias que satisfagan las necesidades e intereses de los empleadores con el total compromiso que representa cada uno de los procesos.ASESORIA LABORAL EMPRESARIALTe brindamos la orientaci\u00f3n en temas como el Derecho laboral individual, Seguridad Social y otras ramas del derecho que se presenten en su [&hellip;]<\/p>\n","protected":false},"author":1,"featured_media":0,"parent":0,"menu_order":0,"comment_status":"closed","ping_status":"closed","template":"","meta":{"_et_pb_use_builder":"on","_et_pb_old_content":"<!-- wp:divi\/placeholder \/-->","_et_gb_content_width":"","_joinchat":[]},"_links":{"self":[{"href":"https:\/\/abogadoslaboralistas.com.co\/index.php\/wp-json\/wp\/v2\/pages\/3470"}],"collection":[{"href":"https:\/\/abogadoslaboralistas.com.co\/index.php\/wp-json\/wp\/v2\/pages"}],"about":[{"href":"https:\/\/abogadoslaboralistas.com.co\/index.php\/wp-json\/wp\/v2\/types\/page"}],"author":[{"embeddable":true,"href":"https:\/\/abogadoslaboralistas.com.co\/index.php\/wp-json\/wp\/v2\/users\/1"}],"replies":[{"embeddable":true,"href":"https:\/\/abogadoslaboralistas.com.co\/index.php\/wp-json\/wp\/v2\/comments?post=3470"}],"version-history":[{"count":20,"href":"https:\/\/abogadoslaboralistas.com.co\/index.php\/wp-json\/wp\/v2\/pages\/3470\/revisions"}],"predecessor-version":[{"id":3762,"href":"https:\/\/abogadoslaboralistas.com.co\/index.php\/wp-json\/wp\/v2\/pages\/3470\/revisions\/3762"}],"wp:attachment":[{"href":"https:\/\/abogadoslaboralistas.com.co\/index.php\/wp-json\/wp\/v2\/media?parent=3470"}],"curies":[{"name":"wp","href":"https:\/\/api.w.org\/{rel}","templated":true}]}}